{"id":10284,"date":"2022-05-03T00:51:21","date_gmt":"2022-05-03T03:51:21","guid":{"rendered":"https:\/\/coalco.cl\/web\/?page_id=10284"},"modified":"2022-05-08T23:01:14","modified_gmt":"2022-05-09T02:01:14","slug":"principios-y-enfoques-educativos","status":"publish","type":"page","link":"https:\/\/www.coalco.cl\/web\/principios-y-enfoques-educativos\/","title":{"rendered":"Principios y enfoques educativos."},"content":{"rendered":"<style type=\"text\/css\"> \n#cmsmasters_row_69ef6cb77a63b7_92913089 .cmsmasters_row_outer_parent { \n\tpadding-top: 100px; \n} \n\n#cmsmasters_row_69ef6cb77a63b7_92913089 .cmsmasters_row_outer_parent { \n\tpadding-bottom: 100px; \n} \n\n \n#cmsmasters_heading_69ef6cb77aa70 { \n\ttext-align:left; \n\tmargin-top:30px; \n\tmargin-bottom:10px; \n} \n\n#cmsmasters_heading_69ef6cb77aa70 .cmsmasters_heading { \n\ttext-align:left; \n} \n\n#cmsmasters_heading_69ef6cb77aa70 .cmsmasters_heading, #cmsmasters_heading_69ef6cb77aa70 .cmsmasters_heading a { \n\tfont-size:60px; \n\tfont-weight:bolder; \n\tfont-style:normal; \n} \n\n#cmsmasters_heading_69ef6cb77aa70 .cmsmasters_heading_divider { \n} \n\n@media (max-width: 767px) {\n\n#cmsmasters_heading_69ef6cb77aa70 .cmsmasters_heading, #cmsmasters_heading_69ef6cb77aa70 .cmsmasters_heading a { \n\tfont-size:45px; \n} \n\n} \n\n \n#cmsmasters_heading_69ef6cb77b078 { \n\ttext-align:left; \n\tmargin-top:30px; \n\tmargin-bottom:10px; \n} \n\n#cmsmasters_heading_69ef6cb77b078 .cmsmasters_heading { \n\ttext-align:left; \n} \n\n#cmsmasters_heading_69ef6cb77b078 .cmsmasters_heading, #cmsmasters_heading_69ef6cb77b078 .cmsmasters_heading a { \n\tfont-size:60px; \n\tfont-weight:bolder; \n\tfont-style:normal; \n} \n\n#cmsmasters_heading_69ef6cb77b078 .cmsmasters_heading_divider { \n} \n\n@media (max-width: 767px) {\n\n#cmsmasters_heading_69ef6cb77b078 .cmsmasters_heading, #cmsmasters_heading_69ef6cb77b078 .cmsmasters_heading a { \n\tfont-size:45px; \n} \n\n} \n\n \n#cmsmasters_row_69ef6cb77b2b07_32127686 { \n\tbackground-color:rgba(0,112,151,0.29);\n} \n\n#cmsmasters_row_69ef6cb77b2b07_32127686 .cmsmasters_row_outer_parent { \n\tpadding-top: 90px; \n} \n\n#cmsmasters_row_69ef6cb77b2b07_32127686 .cmsmasters_row_outer_parent { \n\tpadding-bottom: 100px; \n} \n\n \n#cmsmasters_heading_69ef6cb77b40d { \n\ttext-align:left; \n\tmargin-top:30px; \n\tmargin-bottom:10px; \n} \n\n#cmsmasters_heading_69ef6cb77b40d .cmsmasters_heading { \n\ttext-align:left; \n} \n\n#cmsmasters_heading_69ef6cb77b40d .cmsmasters_heading, #cmsmasters_heading_69ef6cb77b40d .cmsmasters_heading a { \n\tfont-size:28px; \n\tfont-weight:bolder; \n\tfont-style:normal; \n} \n\n#cmsmasters_heading_69ef6cb77b40d .cmsmasters_heading_divider { \n} \n\n@media (max-width: 767px) {\n\n#cmsmasters_heading_69ef6cb77b40d .cmsmasters_heading, #cmsmasters_heading_69ef6cb77b40d .cmsmasters_heading a { \n\tfont-size:28px; \n} \n\n} \n\n \n#cmsmasters_heading_69ef6cb77b5a4 { \n\ttext-align:left; \n\tmargin-top:30px; \n\tmargin-bottom:10px; \n} \n\n#cmsmasters_heading_69ef6cb77b5a4 .cmsmasters_heading { \n\ttext-align:left; \n} \n\n#cmsmasters_heading_69ef6cb77b5a4 .cmsmasters_heading, #cmsmasters_heading_69ef6cb77b5a4 .cmsmasters_heading a { \n\tfont-size:28px; \n\tline-height:25px; \n\tfont-weight:bolder; \n\tfont-style:normal; \n} \n\n#cmsmasters_heading_69ef6cb77b5a4 .cmsmasters_heading_divider { \n} \n\n@media (max-width: 767px) {\n\n#cmsmasters_heading_69ef6cb77b5a4 .cmsmasters_heading, #cmsmasters_heading_69ef6cb77b5a4 .cmsmasters_heading a { \n\tfont-size:28px; \n} \n\n} \n\n<\/style><div id=\"cmsmasters_row_69ef6cb77a63b7_92913089\" class=\"cmsmasters_row cmsmasters_color_scheme_default cmsmasters_row_top_default cmsmasters_row_bot_default cmsmasters_row_boxed\">\n<div class=\"cmsmasters_row_outer_parent\">\n<div class=\"cmsmasters_row_outer\">\n<div class=\"cmsmasters_row_inner\">\n<div class=\"cmsmasters_row_margin\">\n<div class=\"cmsmasters_column one_half\">\n\n<div id=\"cmsmasters_heading_69ef6cb77aa70\" class=\"cmsmasters_heading_wrap cmsmasters_heading_align_left\">\n\t<h1 class=\"cmsmasters_heading\">Principios y enfoques educativos. <\/h1>\n<\/div><div class=\"cmsmasters_text\">\n<p style=\"text-align: justify;\"><span style=\"font-weight: 400;\">Nuestro Colegio encuentra fundamento en los siguientes principios generales:\u00a0<\/span><\/p>\n<ul>\n<li style=\"text-align: justify;\"><strong>Educaci\u00f3n contin\u00faa<\/strong><span style=\"font-weight: 400;\"><strong>:<\/strong> La Educaci\u00f3n es un proceso permanente que\u00a0 est\u00e1 presente a lo largo de la vida. Este aprendizaje supone que la\u00a0 necesidad de aprender no es finita y que constituye un pilar b\u00e1sico\u00a0 para la formaci\u00f3n de personas y profesionales que se\u00a0 desenvuelvan \u00edntegramente en la sociedad.\u00a0<\/span><\/li>\n<li style=\"text-align: justify;\"><strong><i>Aprendan a conocer: <\/i><\/strong><span style=\"font-weight: 400;\">Este principio implica que los estudiantes\u00a0 desarrollen y adquieran las habilidades b\u00e1sicas que les permitan\u00a0 enfrentar con \u00e9xito la gran cantidad de conocimientos generados\u00a0 hasta nuestros d\u00edas y por generarse en el futuro. Este principio\u00a0 implica, de la misma manera, el desarrollo de capacidades y\u00a0 actitudes que lleven al estudiante a aprender a aprender,\u00a0 ejercitando la memoria y el pensamiento.\u00a0<\/span><\/li>\n<li style=\"text-align: justify;\"><strong><i>Aprendan a hacer: <\/i><\/strong><span style=\"font-weight: 400;\">Este principio se\u00f1ala la necesidad de formar y\u00a0 capacitar a los estudiantes para hacer frente, en forma flexible y\u00a0 con una actitud de trabajo en equipo, a un gran n\u00famero de\u00a0 situaciones cambiantes que la sociedad y los mercados laborales\u00a0 representar\u00e1n en su futuro.\u00a0<\/span><\/li>\n<li style=\"text-align: justify;\"><strong><i>Aprendan a vivir juntos: <\/i><\/strong><span style=\"font-weight: 400;\">Este principio implica formar a los\u00a0 estudiantes en la necesidad de comprender al otro, en el\u00a0 reconocimiento de la interdependencia social, en la promoci\u00f3n de\u00a0 proyectos comunes, en la preparaci\u00f3n para tratar los conflictos y\u00a0 en el reconocimiento del pluralismo y los valores de la paz.\u00a0<\/span><\/li>\n<li style=\"text-align: justify;\"><strong><i>Aprendan a ser: <\/i><\/strong><span style=\"font-weight: 400;\">Este principio se\u00f1ala la necesidad de formar\u00a0 integralmente a los estudiantes no solamente en aspectos de\u00a0 car\u00e1cter cognitivo y pr\u00e1ctico, sino en la apreciaci\u00f3n est\u00e9tica, la\u00a0 conservaci\u00f3n de la salud, la espiritualidad y la responsabilidad <\/span><span style=\"font-weight: 400;\">consigo mismo y con los dem\u00e1s. En suma, la vivencia de los\u00a0 valores. <\/span><\/li>\n<\/ul>\n<\/div>\n<\/div>\n<div class=\"cmsmasters_column one_half\">\n\n<div id=\"cmsmasters_heading_69ef6cb77b078\" class=\"cmsmasters_heading_wrap cmsmasters_heading_align_left\">\n\t<h1 class=\"cmsmasters_heading\">Proceso de aprendizaje<\/h1>\n<\/div><div class=\"cmsmasters_text\">\n<p style=\"text-align: justify;\"><span style=\"font-weight: 400;\">Participamos de la idea de que el aprendizaje es\u00a0 el proceso de adquisici\u00f3n de conocimientos, habilidades, destrezas,\u00a0 actitudes y valores que tiene como finalidad la modificaci\u00f3n de pautas de\u00a0 comportamiento observables e interiorizadas de un sujeto.\u00a0<\/span><\/p>\n<p style=\"text-align: justify;\"><span style=\"font-weight: 400;\">Este proceso de adquisici\u00f3n supone ciertos niveles de actuaci\u00f3n mental\u00a0 y\/o afectiva del sujeto sobre aquello que pretende adquirir. Adem\u00e1s, tanto\u00a0 la afectividad como la inteligencia son ingredientes vitales de dicho\u00a0 proceso de aprendizaje, pues el que aprende experimenta sentimientos,\u00a0 predisposiciones y pensamientos sobre aquello que est\u00e1\u00a0 aprendiendo. Concebimos que una faceta esencial de este proceso sea\u00a0 la reflexi\u00f3n y la comprensi\u00f3n profunda de conceptos, hechos y del proceso\u00a0 mismo.\u00a0<\/span><\/p>\n<p style=\"text-align: justify;\"><span style=\"font-weight: 400;\">Opinamos que el aprendizaje debe desarrollar en forma arm\u00f3nica las\u00a0 esferas cognitiva, afectiva, sociales y de acci\u00f3n del educando. No debe\u00a0 ser unidireccional, pues el individuo reacciona ante las situaciones de\u00a0 forma global, integrando todas sus partes. Igualmente debe respetar y\u00a0 estimular los procesos de maduraci\u00f3n ps\u00edquica de sus educandos.\u00a0<\/span><\/p>\n<p style=\"text-align: justify;\"><span style=\"font-weight: 400;\">Buscamos un tipo de aprendizaje activo, gradual, permanente, integral,\u00a0 intencional, din\u00e1mico, colaborativo y cooperativo; donde el educando\u00a0 descubra y construya por s\u00ed mismo el conocimiento a trav\u00e9s de un m\u00e9todo\u00a0 que lo conduzca a realizar, bajo su iniciativa, acciones de investigaci\u00f3n,\u00a0 comprensi\u00f3n y b\u00fasqueda de alternativas; un aprendizaje que encamine al\u00a0 ni\u00f1o a la pr\u00e1ctica de su libertad, respetuoso de su originalidad y facilitador\u00a0 de los medios para descubrir su vocaci\u00f3n personal y entrar en relaci\u00f3n\u00a0 creadora con otras personas en el medio socio-cultural donde se inserte. <\/span><\/p>\n<\/div>\n<\/div>\n<\/div>\n<\/div>\n<\/div>\n<\/div>\n<\/div>\n<div id=\"cmsmasters_row_69ef6cb77b2b07_32127686\" class=\"cmsmasters_row cmsmasters_color_scheme_default cmsmasters_row_top_default cmsmasters_row_bot_default cmsmasters_row_boxed\">\n<div class=\"cmsmasters_row_outer_parent\">\n<div class=\"cmsmasters_row_outer\">\n<div class=\"cmsmasters_row_inner\">\n<div class=\"cmsmasters_row_margin\">\n<div class=\"cmsmasters_column one_half\">\n\n<div id=\"cmsmasters_heading_69ef6cb77b40d\" class=\"cmsmasters_heading_wrap cmsmasters_heading_align_left\">\n\t<h4 class=\"cmsmasters_heading\">Igualdad y respeto de los derechos y libertades<\/h4>\n<\/div><div class=\"cmsmasters_text\">\n<p><span style=\"font-weight: 400;\">Como ideal de nuestro\u00a0 establecimiento por el que todos los niveles deben esforzarse a fin de que\u00a0 todos los actores del proceso educativo promuevan este principio, en\u00a0 estrecha relaci\u00f3n con la Declaraci\u00f3n de los Derechos del ni\u00f1o y la ni\u00f1a.\u00a0<\/span><\/p>\n<\/div>\n<\/div>\n<div class=\"cmsmasters_column one_half\">\n\n<div id=\"cmsmasters_heading_69ef6cb77b5a4\" class=\"cmsmasters_heading_wrap cmsmasters_heading_align_left\">\n\t<h4 class=\"cmsmasters_heading\">Adquisici\u00f3n sistem\u00e1tica de conocimientos y procedimientos de trabajo en la educaci\u00f3n t\u00e9cnico profesional<\/h4>\n<\/div><div class=\"cmsmasters_text\">\n<p><span style=\"font-weight: 400;\">La internalizaci\u00f3n de conocimiento y\u00a0 experiencias pr\u00e1cticas son un proceso necesario para adquirir las\u00a0 competencias que permitan la formaci\u00f3n de t\u00e9cnicos calificados. <\/span><\/p>\n<\/div>\n<\/div>\n<\/div>\n<\/div>\n<\/div>\n<\/div>\n<\/div>\n\n","protected":false},"excerpt":{"rendered":"","protected":false},"author":1,"featured_media":0,"parent":0,"menu_order":0,"comment_status":"closed","ping_status":"closed","template":"","meta":{"footnotes":""},"class_list":["post-10284","page","type-page","status-publish","hentry"],"yoast_head":"<!-- This site is optimized with the Yoast SEO plugin v27.4 - https:\/\/yoast.com\/product\/yoast-seo-wordpress\/ -->\n<title>Principios y enfoques educativos. - Colegio Alerce<\/title>\n<meta name=\"robots\" content=\"index, follow, max-snippet:-1, max-image-preview:large, max-video-preview:-1\" \/>\n<link rel=\"canonical\" href=\"https:\/\/www.coalco.cl\/web\/principios-y-enfoques-educativos\/\" \/>\n<meta property=\"og:locale\" content=\"es_ES\" \/>\n<meta property=\"og:type\" content=\"article\" \/>\n<meta property=\"og:title\" content=\"Principios y enfoques educativos. - Colegio Alerce\" \/>\n<meta property=\"og:url\" content=\"https:\/\/www.coalco.cl\/web\/principios-y-enfoques-educativos\/\" \/>\n<meta property=\"og:site_name\" content=\"Colegio Alerce\" \/>\n<meta property=\"article:modified_time\" content=\"2022-05-09T02:01:14+00:00\" \/>\n<meta name=\"twitter:card\" content=\"summary_large_image\" \/>\n<meta name=\"twitter:label1\" content=\"Tiempo estimado de lectura\" \/>\n\t<meta name=\"twitter:data1\" content=\"3 minutos\" \/>\n<script type=\"application\/ld+json\" class=\"yoast-schema-graph\">{\"@context\":\"https:\\\/\\\/schema.org\",\"@graph\":[{\"@type\":\"WebPage\",\"@id\":\"https:\\\/\\\/www.coalco.cl\\\/web\\\/principios-y-enfoques-educativos\\\/\",\"url\":\"https:\\\/\\\/www.coalco.cl\\\/web\\\/principios-y-enfoques-educativos\\\/\",\"name\":\"Principios y enfoques educativos. - Colegio Alerce\",\"isPartOf\":{\"@id\":\"https:\\\/\\\/www.coalco.cl\\\/web\\\/#website\"},\"datePublished\":\"2022-05-03T03:51:21+00:00\",\"dateModified\":\"2022-05-09T02:01:14+00:00\",\"breadcrumb\":{\"@id\":\"https:\\\/\\\/www.coalco.cl\\\/web\\\/principios-y-enfoques-educativos\\\/#breadcrumb\"},\"inLanguage\":\"es-CL\",\"potentialAction\":[{\"@type\":\"ReadAction\",\"target\":[\"https:\\\/\\\/www.coalco.cl\\\/web\\\/principios-y-enfoques-educativos\\\/\"]}]},{\"@type\":\"BreadcrumbList\",\"@id\":\"https:\\\/\\\/www.coalco.cl\\\/web\\\/principios-y-enfoques-educativos\\\/#breadcrumb\",\"itemListElement\":[{\"@type\":\"ListItem\",\"position\":1,\"name\":\"Home\",\"item\":\"https:\\\/\\\/www.coalco.cl\\\/web\\\/\"},{\"@type\":\"ListItem\",\"position\":2,\"name\":\"Principios y enfoques educativos.\"}]},{\"@type\":\"WebSite\",\"@id\":\"https:\\\/\\\/www.coalco.cl\\\/web\\\/#website\",\"url\":\"https:\\\/\\\/www.coalco.cl\\\/web\\\/\",\"name\":\"Colegio Alerce\",\"description\":\"\",\"publisher\":{\"@id\":\"https:\\\/\\\/www.coalco.cl\\\/web\\\/#organization\"},\"inLanguage\":\"es-CL\"},{\"@type\":\"Organization\",\"@id\":\"https:\\\/\\\/www.coalco.cl\\\/web\\\/#organization\",\"name\":\"Colegio Alerce\",\"url\":\"https:\\\/\\\/www.coalco.cl\\\/web\\\/\",\"logo\":{\"@type\":\"ImageObject\",\"inLanguage\":\"es-CL\",\"@id\":\"https:\\\/\\\/www.coalco.cl\\\/web\\\/#\\\/schema\\\/logo\\\/image\\\/\",\"url\":\"https:\\\/\\\/www.coalco.cl\\\/web\\\/wp-content\\\/uploads\\\/2025\\\/12\\\/cropped-cropped-cropped-RETINA.png\",\"contentUrl\":\"https:\\\/\\\/www.coalco.cl\\\/web\\\/wp-content\\\/uploads\\\/2025\\\/12\\\/cropped-cropped-cropped-RETINA.png\",\"width\":512,\"height\":512,\"caption\":\"Colegio Alerce\"},\"image\":{\"@id\":\"https:\\\/\\\/www.coalco.cl\\\/web\\\/#\\\/schema\\\/logo\\\/image\\\/\"}}]}<\/script>\n<!-- \/ Yoast SEO plugin. -->","yoast_head_json":{"title":"Principios y enfoques educativos. - Colegio Alerce","robots":{"index":"index","follow":"follow","max-snippet":"max-snippet:-1","max-image-preview":"max-image-preview:large","max-video-preview":"max-video-preview:-1"},"canonical":"https:\/\/www.coalco.cl\/web\/principios-y-enfoques-educativos\/","og_locale":"es_ES","og_type":"article","og_title":"Principios y enfoques educativos. - Colegio Alerce","og_url":"https:\/\/www.coalco.cl\/web\/principios-y-enfoques-educativos\/","og_site_name":"Colegio Alerce","article_modified_time":"2022-05-09T02:01:14+00:00","twitter_card":"summary_large_image","twitter_misc":{"Tiempo estimado de lectura":"3 minutos"},"schema":{"@context":"https:\/\/schema.org","@graph":[{"@type":"WebPage","@id":"https:\/\/www.coalco.cl\/web\/principios-y-enfoques-educativos\/","url":"https:\/\/www.coalco.cl\/web\/principios-y-enfoques-educativos\/","name":"Principios y enfoques educativos. - Colegio Alerce","isPartOf":{"@id":"https:\/\/www.coalco.cl\/web\/#website"},"datePublished":"2022-05-03T03:51:21+00:00","dateModified":"2022-05-09T02:01:14+00:00","breadcrumb":{"@id":"https:\/\/www.coalco.cl\/web\/principios-y-enfoques-educativos\/#breadcrumb"},"inLanguage":"es-CL","potentialAction":[{"@type":"ReadAction","target":["https:\/\/www.coalco.cl\/web\/principios-y-enfoques-educativos\/"]}]},{"@type":"BreadcrumbList","@id":"https:\/\/www.coalco.cl\/web\/principios-y-enfoques-educativos\/#breadcrumb","itemListElement":[{"@type":"ListItem","position":1,"name":"Home","item":"https:\/\/www.coalco.cl\/web\/"},{"@type":"ListItem","position":2,"name":"Principios y enfoques educativos."}]},{"@type":"WebSite","@id":"https:\/\/www.coalco.cl\/web\/#website","url":"https:\/\/www.coalco.cl\/web\/","name":"Colegio Alerce","description":"","publisher":{"@id":"https:\/\/www.coalco.cl\/web\/#organization"},"inLanguage":"es-CL"},{"@type":"Organization","@id":"https:\/\/www.coalco.cl\/web\/#organization","name":"Colegio Alerce","url":"https:\/\/www.coalco.cl\/web\/","logo":{"@type":"ImageObject","inLanguage":"es-CL","@id":"https:\/\/www.coalco.cl\/web\/#\/schema\/logo\/image\/","url":"https:\/\/www.coalco.cl\/web\/wp-content\/uploads\/2025\/12\/cropped-cropped-cropped-RETINA.png","contentUrl":"https:\/\/www.coalco.cl\/web\/wp-content\/uploads\/2025\/12\/cropped-cropped-cropped-RETINA.png","width":512,"height":512,"caption":"Colegio Alerce"},"image":{"@id":"https:\/\/www.coalco.cl\/web\/#\/schema\/logo\/image\/"}}]}},"_links":{"self":[{"href":"https:\/\/www.coalco.cl\/web\/wp-json\/wp\/v2\/pages\/10284","targetHints":{"allow":["GET"]}}],"collection":[{"href":"https:\/\/www.coalco.cl\/web\/wp-json\/wp\/v2\/pages"}],"about":[{"href":"https:\/\/www.coalco.cl\/web\/wp-json\/wp\/v2\/types\/page"}],"author":[{"embeddable":true,"href":"https:\/\/www.coalco.cl\/web\/wp-json\/wp\/v2\/users\/1"}],"replies":[{"embeddable":true,"href":"https:\/\/www.coalco.cl\/web\/wp-json\/wp\/v2\/comments?post=10284"}],"version-history":[{"count":7,"href":"https:\/\/www.coalco.cl\/web\/wp-json\/wp\/v2\/pages\/10284\/revisions"}],"predecessor-version":[{"id":10291,"href":"https:\/\/www.coalco.cl\/web\/wp-json\/wp\/v2\/pages\/10284\/revisions\/10291"}],"wp:attachment":[{"href":"https:\/\/www.coalco.cl\/web\/wp-json\/wp\/v2\/media?parent=10284"}],"curies":[{"name":"wp","href":"https:\/\/api.w.org\/{rel}","templated":true}]}}