{"id":10292,"date":"2022-05-03T01:12:24","date_gmt":"2022-05-03T04:12:24","guid":{"rendered":"https:\/\/coalco.cl\/web\/?page_id=10292"},"modified":"2022-05-08T23:01:53","modified_gmt":"2022-05-09T02:01:53","slug":"niveles-educativos","status":"publish","type":"page","link":"https:\/\/www.coalco.cl\/web\/niveles-educativos\/","title":{"rendered":"Niveles Educativos"},"content":{"rendered":"<style type=\"text\/css\"> \n#cmsmasters_row_69ef67e8f2dc97_83988090 .cmsmasters_row_outer_parent { \n\tpadding-top: 100px; \n} \n\n#cmsmasters_row_69ef67e8f2dc97_83988090 .cmsmasters_row_outer_parent { \n\tpadding-bottom: 100px; \n} \n\n \n#cmsmasters_row_69ef67e8f2f793_14067409 .cmsmasters_row_outer_parent { \n\tpadding-top: 20px; \n} \n\n#cmsmasters_row_69ef67e8f2f793_14067409 .cmsmasters_row_outer_parent { \n\tpadding-bottom: 100px; \n} \n\n \n#cmsmasters_heading_69ef67e8f3162 { \n\ttext-align:left; \n\tmargin-top:30px; \n\tmargin-bottom:10px; \n} \n\n#cmsmasters_heading_69ef67e8f3162 .cmsmasters_heading { \n\ttext-align:left; \n} \n\n#cmsmasters_heading_69ef67e8f3162 .cmsmasters_heading, #cmsmasters_heading_69ef67e8f3162 .cmsmasters_heading a { \n\tfont-size:60px; \n\tfont-weight:bolder; \n\tfont-style:normal; \n} \n\n#cmsmasters_heading_69ef67e8f3162 .cmsmasters_heading_divider { \n} \n\n@media (max-width: 767px) {\n\n#cmsmasters_heading_69ef67e8f3162 .cmsmasters_heading, #cmsmasters_heading_69ef67e8f3162 .cmsmasters_heading a { \n\tfont-size:45px; \n} \n\n} \n\n \n#cmsmasters_heading_69ef67e8f33e4 { \n\ttext-align:left; \n\tmargin-top:30px; \n\tmargin-bottom:10px; \n} \n\n#cmsmasters_heading_69ef67e8f33e4 .cmsmasters_heading { \n\ttext-align:left; \n} \n\n#cmsmasters_heading_69ef67e8f33e4 .cmsmasters_heading, #cmsmasters_heading_69ef67e8f33e4 .cmsmasters_heading a { \n\tfont-size:60px; \n\tfont-weight:bolder; \n\tfont-style:normal; \n} \n\n#cmsmasters_heading_69ef67e8f33e4 .cmsmasters_heading_divider { \n} \n\n@media (max-width: 767px) {\n\n#cmsmasters_heading_69ef67e8f33e4 .cmsmasters_heading, #cmsmasters_heading_69ef67e8f33e4 .cmsmasters_heading a { \n\tfont-size:45px; \n} \n\n} \n\n \n#cmsmasters_row_69ef67e8f35447_28556673 { \n\tbackground-color:rgba(0,112,151,0.29);\n} \n\n#cmsmasters_row_69ef67e8f35447_28556673 .cmsmasters_row_outer_parent { \n\tpadding-top: 90px; \n} \n\n#cmsmasters_row_69ef67e8f35447_28556673 .cmsmasters_row_outer_parent { \n\tpadding-bottom: 100px; \n} \n\n \n#cmsmasters_heading_69ef67e8f3755 { \n\ttext-align:center; \n\tmargin-top:30px; \n\tmargin-bottom:40px; \n} \n\n#cmsmasters_heading_69ef67e8f3755 .cmsmasters_heading { \n\ttext-align:center; \n} \n\n#cmsmasters_heading_69ef67e8f3755 .cmsmasters_heading, #cmsmasters_heading_69ef67e8f3755 .cmsmasters_heading a { \n\tfont-size:35px; \n\tfont-weight:bolder; \n\tfont-style:normal; \n} \n\n#cmsmasters_heading_69ef67e8f3755 .cmsmasters_heading_divider { \n} \n\n@media (max-width: 767px) {\n\n#cmsmasters_heading_69ef67e8f3755 .cmsmasters_heading, #cmsmasters_heading_69ef67e8f3755 .cmsmasters_heading a { \n\tfont-size:28px; \n} \n\n} \n\n \n#cmsmasters_divider_69ef67e8f3ba81_44858945 { \n\tborder-bottom-width:0px; \n\tborder-bottom-style:solid; \n\tpadding-top:50px; \n\tmargin-bottom:50px; \n} \n<\/style><div id=\"cmsmasters_row_69ef67e8f2dc97_83988090\" class=\"cmsmasters_row cmsmasters_color_scheme_default cmsmasters_row_top_default cmsmasters_row_bot_default cmsmasters_row_boxed\">\n<div class=\"cmsmasters_row_outer_parent\">\n<div class=\"cmsmasters_row_outer\">\n<div class=\"cmsmasters_row_inner\">\n<div class=\"cmsmasters_row_margin\">\n<div class=\"cmsmasters_column one_first\">\n<div class=\"cmsmasters_text\">\n<p><span style=\"font-weight: 400;\">El Colegio Alerce, ha definido los siguientes niveles educativos, con un curso por nivel:\u00a0<\/span><\/p>\n<\/div>\n<\/div>\n<\/div>\n<\/div>\n<\/div>\n<\/div>\n<\/div>\n<div id=\"cmsmasters_row_69ef67e8f2f793_14067409\" class=\"cmsmasters_row cmsmasters_color_scheme_default cmsmasters_row_top_default cmsmasters_row_bot_default cmsmasters_row_boxed\">\n<div class=\"cmsmasters_row_outer_parent\">\n<div class=\"cmsmasters_row_outer\">\n<div class=\"cmsmasters_row_inner\">\n<div class=\"cmsmasters_row_margin\">\n<div class=\"cmsmasters_column one_half\">\n\n<div id=\"cmsmasters_heading_69ef67e8f3162\" class=\"cmsmasters_heading_wrap cmsmasters_heading_align_left\">\n\t<h1 class=\"cmsmasters_heading\">Ense\u00f1anza B\u00e1sica<\/h1>\n<\/div><div class=\"cmsmasters_text\">\n<ul>\n<li><span style=\"font-weight: 400;\">1\u00ba B\u00e1sico sin JEC\u00a0<\/span><\/li>\n<li><span style=\"font-weight: 400;\">2\u00ba B\u00e1sico sin JEC\u00a0<\/span><\/li>\n<li><span style=\"font-weight: 400;\">3\u00ba B\u00e1sico con JEC\u00a0<\/span><\/li>\n<li><span style=\"font-weight: 400;\">4\u00ba B\u00e1sico con JEC\u00a0<\/span><\/li>\n<li><span style=\"font-weight: 400;\">5\u00ba B\u00e1sico con JEC\u00a0<\/span><\/li>\n<li><span style=\"font-weight: 400;\">6\u00ba B\u00e1sico con JEC\u00a0<\/span><\/li>\n<li><span style=\"font-weight: 400;\">7\u00ba B\u00e1sico con JEC\u00a0<\/span><\/li>\n<li><span style=\"font-weight: 400;\">8\u00ba B\u00e1sico con JEC <\/span><\/li>\n<\/ul>\n<\/div>\n<\/div>\n<div class=\"cmsmasters_column one_half\">\n\n<div id=\"cmsmasters_heading_69ef67e8f33e4\" class=\"cmsmasters_heading_wrap cmsmasters_heading_align_left\">\n\t<h1 class=\"cmsmasters_heading\">Ense\u00f1anza Media T\u00e9cnico Profesional<\/h1>\n<\/div><div class=\"cmsmasters_text\">\n<ul>\n<li><span style=\"font-weight: 400;\">1\u00ba Medio con JEC\u00a0<\/span><\/li>\n<li><span style=\"font-weight: 400;\">2\u00ba Medio con JEC\u00a0<\/span><\/li>\n<li><span style=\"font-weight: 400;\">3\u00ba Medio con JEC\u00a0<\/span><\/li>\n<li><span style=\"font-weight: 400;\">4\u00ba Medio con JEC<\/span><\/li>\n<\/ul>\n<p><span style=\"font-weight: 400;\">En primero medio se da inicio a la formaci\u00f3n t\u00e9cnico profesional, especialidad\u00a0 de electricidad.\u00a0<\/span><\/p>\n<p><span style=\"font-weight: 400;\">Cada curso tiene una capacidad de treinta y ocho estudiantes, seg\u00fan\u00a0 capacidad autorizada por el Ministerio de Educaci\u00f3n.\u00a0<\/span><\/p>\n<\/div>\n<\/div>\n<\/div>\n<\/div>\n<\/div>\n<\/div>\n<\/div>\n<div id=\"cmsmasters_row_69ef67e8f35447_28556673\" class=\"cmsmasters_row cmsmasters_color_scheme_default cmsmasters_row_top_default cmsmasters_row_bot_default cmsmasters_row_boxed\">\n<div class=\"cmsmasters_row_outer_parent\">\n<div class=\"cmsmasters_row_outer\">\n<div class=\"cmsmasters_row_inner\">\n<div class=\"cmsmasters_row_margin\">\n<div class=\"cmsmasters_column one_first\">\n\n<div id=\"cmsmasters_heading_69ef67e8f3755\" class=\"cmsmasters_heading_wrap cmsmasters_heading_align_center\">\n\t<h4 class=\"cmsmasters_heading\">Perfil del egresado de Electricidad<\/h4>\n<\/div><div class=\"aligncenter\">\n<div class=\"cmsmasters_img  cmsmasters_image_c\">\n<img decoding=\"async\" src=\"https:\/\/www.coalco.cl\/web\/wp-content\/uploads\/2022\/05\/JYG_4347-web.jpg\" \/>\n<\/div>\n<\/div>\n\n<div id=\"cmsmasters_divider_69ef67e8f3ba81_44858945\" class=\"cl\"><\/div><div class=\"cmsmasters_text\">\n<p><span style=\"font-weight: 400;\">Al egreso de la Educaci\u00f3n Media T\u00e9cnico-Profesional, los estudiantes habr\u00e1n\u00a0 desarrollado las siguientes competencias:\u00a0<\/span><\/p>\n<ol>\n<li><span style=\"font-weight: 400;\"> Leer y utilizar especificaciones t\u00e9cnicas, planos, diagramas y proyectos de\u00a0 instalaci\u00f3n el\u00e9ctricos.\u00a0<\/span><\/li>\n<li><span style=\"font-weight: 400;\"> Dibujar circuitos el\u00e9ctricos con software de CAD, en planos de plantas libres,\u00a0 aplicando la normativa el\u00e9ctrica vigente.\u00a0<\/span><\/li>\n<li><span style=\"font-weight: 400;\"> Ejecutar instalaciones de alumbrado en baja tensi\u00f3n con un m\u00e1ximo de 10 kW de\u00a0 potencia instalada total, sin alimentadores, aplicando la normativa el\u00e9ctrica vigente,\u00a0 de acuerdo a planos, memoria de c\u00e1lculo y presupuestos con cubicaci\u00f3n de\u00a0 materiales y mano de obra.\u00a0<\/span><\/li>\n<li><span style=\"font-weight: 400;\"> Ejecutar instalaciones de calefacci\u00f3n y fuerza motriz en baja tensi\u00f3n, con un\u00a0 m\u00e1ximo de 5 kW de potencia total instalada, sin alimentadores, aplicando la\u00a0 normativa el\u00e9ctrica vigente, de acuerdo a planos, memoria de c\u00e1lculo y\u00a0 presupuestos con cubicaci\u00f3n de materiales y mano de obra.\u00a0<\/span><\/li>\n<li><span style=\"font-weight: 400;\"> Cubicar materiales e insumos para instalaciones el\u00e9ctricas de baja tensi\u00f3n, de\u00a0 acuerdo a planos y especificaciones t\u00e9cnicas y aplicando los principios matem\u00e1ticos\u00a0 que corresponda.\u00a0<\/span><\/li>\n<li><span style=\"font-weight: 400;\"> Mantener y reemplazar componentes, equipos y sistemas el\u00e9ctricos monof\u00e1sicos\u00a0 y trif\u00e1sicos, utilizando las herramientas, instrumentos e insumos apropiados,\u00a0 considerando las pautas de mantenimiento, procedimientos, especificaciones\u00a0 t\u00e9cnicas, recomendaciones de los fabricantes, normativa y est\u00e1ndares de\u00a0 seguridad.\u00a0<\/span><\/li>\n<li><span style=\"font-weight: 400;\"> Ejecutar sistemas de control, fuerza y protecciones el\u00e9ctricas de m\u00e1quinas,\u00a0 equipos e instalaciones el\u00e9ctricas seg\u00fan requerimientos del proyecto y\u00a0 especificaciones del fabricante, respetando la normativa el\u00e9ctrica y de control del\u00a0 medio ambiente vigente.\u00a0<\/span><\/li>\n<li><span style=\"font-weight: 400;\"> Modificar programas y par\u00e1metros en equipos y sistemas el\u00e9ctricos y electr\u00f3nicos\u00a0 utilizados en control de procesos, seg\u00fan requerimientos operacionales del equipo o\u00a0 planta y la normativa el\u00e9ctrica vigente.\u00a0<\/span><\/li>\n<\/ol>\n<\/div>\n<\/div>\n<\/div>\n<\/div>\n<\/div>\n<\/div>\n<\/div>\n\n","protected":false},"excerpt":{"rendered":"","protected":false},"author":1,"featured_media":0,"parent":0,"menu_order":0,"comment_status":"closed","ping_status":"closed","template":"","meta":{"footnotes":""},"class_list":["post-10292","page","type-page","status-publish","hentry"],"yoast_head":"<!-- This site is optimized with the Yoast SEO plugin v27.4 - https:\/\/yoast.com\/product\/yoast-seo-wordpress\/ -->\n<title>Niveles Educativos - Colegio Alerce<\/title>\n<meta name=\"robots\" content=\"index, follow, max-snippet:-1, max-image-preview:large, max-video-preview:-1\" \/>\n<link rel=\"canonical\" href=\"https:\/\/www.coalco.cl\/web\/niveles-educativos\/\" \/>\n<meta property=\"og:locale\" content=\"es_ES\" \/>\n<meta property=\"og:type\" content=\"article\" \/>\n<meta property=\"og:title\" content=\"Niveles Educativos - Colegio Alerce\" \/>\n<meta property=\"og:url\" content=\"https:\/\/www.coalco.cl\/web\/niveles-educativos\/\" \/>\n<meta property=\"og:site_name\" content=\"Colegio Alerce\" \/>\n<meta property=\"article:modified_time\" content=\"2022-05-09T02:01:53+00:00\" \/>\n<meta name=\"twitter:card\" content=\"summary_large_image\" \/>\n<meta name=\"twitter:label1\" content=\"Tiempo estimado de lectura\" \/>\n\t<meta name=\"twitter:data1\" content=\"3 minutos\" \/>\n<script type=\"application\/ld+json\" class=\"yoast-schema-graph\">{\"@context\":\"https:\\\/\\\/schema.org\",\"@graph\":[{\"@type\":\"WebPage\",\"@id\":\"https:\\\/\\\/www.coalco.cl\\\/web\\\/niveles-educativos\\\/\",\"url\":\"https:\\\/\\\/www.coalco.cl\\\/web\\\/niveles-educativos\\\/\",\"name\":\"Niveles Educativos - Colegio Alerce\",\"isPartOf\":{\"@id\":\"https:\\\/\\\/www.coalco.cl\\\/web\\\/#website\"},\"datePublished\":\"2022-05-03T04:12:24+00:00\",\"dateModified\":\"2022-05-09T02:01:53+00:00\",\"breadcrumb\":{\"@id\":\"https:\\\/\\\/www.coalco.cl\\\/web\\\/niveles-educativos\\\/#breadcrumb\"},\"inLanguage\":\"es-CL\",\"potentialAction\":[{\"@type\":\"ReadAction\",\"target\":[\"https:\\\/\\\/www.coalco.cl\\\/web\\\/niveles-educativos\\\/\"]}]},{\"@type\":\"BreadcrumbList\",\"@id\":\"https:\\\/\\\/www.coalco.cl\\\/web\\\/niveles-educativos\\\/#breadcrumb\",\"itemListElement\":[{\"@type\":\"ListItem\",\"position\":1,\"name\":\"Home\",\"item\":\"https:\\\/\\\/www.coalco.cl\\\/web\\\/\"},{\"@type\":\"ListItem\",\"position\":2,\"name\":\"Niveles Educativos\"}]},{\"@type\":\"WebSite\",\"@id\":\"https:\\\/\\\/www.coalco.cl\\\/web\\\/#website\",\"url\":\"https:\\\/\\\/www.coalco.cl\\\/web\\\/\",\"name\":\"Colegio Alerce\",\"description\":\"\",\"publisher\":{\"@id\":\"https:\\\/\\\/www.coalco.cl\\\/web\\\/#organization\"},\"inLanguage\":\"es-CL\"},{\"@type\":\"Organization\",\"@id\":\"https:\\\/\\\/www.coalco.cl\\\/web\\\/#organization\",\"name\":\"Colegio Alerce\",\"url\":\"https:\\\/\\\/www.coalco.cl\\\/web\\\/\",\"logo\":{\"@type\":\"ImageObject\",\"inLanguage\":\"es-CL\",\"@id\":\"https:\\\/\\\/www.coalco.cl\\\/web\\\/#\\\/schema\\\/logo\\\/image\\\/\",\"url\":\"https:\\\/\\\/www.coalco.cl\\\/web\\\/wp-content\\\/uploads\\\/2025\\\/12\\\/cropped-cropped-cropped-RETINA.png\",\"contentUrl\":\"https:\\\/\\\/www.coalco.cl\\\/web\\\/wp-content\\\/uploads\\\/2025\\\/12\\\/cropped-cropped-cropped-RETINA.png\",\"width\":512,\"height\":512,\"caption\":\"Colegio Alerce\"},\"image\":{\"@id\":\"https:\\\/\\\/www.coalco.cl\\\/web\\\/#\\\/schema\\\/logo\\\/image\\\/\"}}]}<\/script>\n<!-- \/ Yoast SEO plugin. -->","yoast_head_json":{"title":"Niveles Educativos - Colegio Alerce","robots":{"index":"index","follow":"follow","max-snippet":"max-snippet:-1","max-image-preview":"max-image-preview:large","max-video-preview":"max-video-preview:-1"},"canonical":"https:\/\/www.coalco.cl\/web\/niveles-educativos\/","og_locale":"es_ES","og_type":"article","og_title":"Niveles Educativos - Colegio Alerce","og_url":"https:\/\/www.coalco.cl\/web\/niveles-educativos\/","og_site_name":"Colegio Alerce","article_modified_time":"2022-05-09T02:01:53+00:00","twitter_card":"summary_large_image","twitter_misc":{"Tiempo estimado de lectura":"3 minutos"},"schema":{"@context":"https:\/\/schema.org","@graph":[{"@type":"WebPage","@id":"https:\/\/www.coalco.cl\/web\/niveles-educativos\/","url":"https:\/\/www.coalco.cl\/web\/niveles-educativos\/","name":"Niveles Educativos - Colegio Alerce","isPartOf":{"@id":"https:\/\/www.coalco.cl\/web\/#website"},"datePublished":"2022-05-03T04:12:24+00:00","dateModified":"2022-05-09T02:01:53+00:00","breadcrumb":{"@id":"https:\/\/www.coalco.cl\/web\/niveles-educativos\/#breadcrumb"},"inLanguage":"es-CL","potentialAction":[{"@type":"ReadAction","target":["https:\/\/www.coalco.cl\/web\/niveles-educativos\/"]}]},{"@type":"BreadcrumbList","@id":"https:\/\/www.coalco.cl\/web\/niveles-educativos\/#breadcrumb","itemListElement":[{"@type":"ListItem","position":1,"name":"Home","item":"https:\/\/www.coalco.cl\/web\/"},{"@type":"ListItem","position":2,"name":"Niveles Educativos"}]},{"@type":"WebSite","@id":"https:\/\/www.coalco.cl\/web\/#website","url":"https:\/\/www.coalco.cl\/web\/","name":"Colegio Alerce","description":"","publisher":{"@id":"https:\/\/www.coalco.cl\/web\/#organization"},"inLanguage":"es-CL"},{"@type":"Organization","@id":"https:\/\/www.coalco.cl\/web\/#organization","name":"Colegio Alerce","url":"https:\/\/www.coalco.cl\/web\/","logo":{"@type":"ImageObject","inLanguage":"es-CL","@id":"https:\/\/www.coalco.cl\/web\/#\/schema\/logo\/image\/","url":"https:\/\/www.coalco.cl\/web\/wp-content\/uploads\/2025\/12\/cropped-cropped-cropped-RETINA.png","contentUrl":"https:\/\/www.coalco.cl\/web\/wp-content\/uploads\/2025\/12\/cropped-cropped-cropped-RETINA.png","width":512,"height":512,"caption":"Colegio Alerce"},"image":{"@id":"https:\/\/www.coalco.cl\/web\/#\/schema\/logo\/image\/"}}]}},"_links":{"self":[{"href":"https:\/\/www.coalco.cl\/web\/wp-json\/wp\/v2\/pages\/10292","targetHints":{"allow":["GET"]}}],"collection":[{"href":"https:\/\/www.coalco.cl\/web\/wp-json\/wp\/v2\/pages"}],"about":[{"href":"https:\/\/www.coalco.cl\/web\/wp-json\/wp\/v2\/types\/page"}],"author":[{"embeddable":true,"href":"https:\/\/www.coalco.cl\/web\/wp-json\/wp\/v2\/users\/1"}],"replies":[{"embeddable":true,"href":"https:\/\/www.coalco.cl\/web\/wp-json\/wp\/v2\/comments?post=10292"}],"version-history":[{"count":7,"href":"https:\/\/www.coalco.cl\/web\/wp-json\/wp\/v2\/pages\/10292\/revisions"}],"predecessor-version":[{"id":10300,"href":"https:\/\/www.coalco.cl\/web\/wp-json\/wp\/v2\/pages\/10292\/revisions\/10300"}],"wp:attachment":[{"href":"https:\/\/www.coalco.cl\/web\/wp-json\/wp\/v2\/media?parent=10292"}],"curies":[{"name":"wp","href":"https:\/\/api.w.org\/{rel}","templated":true}]}}